{"id":4807,"date":"2022-10-26T07:59:00","date_gmt":"2022-10-26T07:59:00","guid":{"rendered":"https:\/\/www.inproinnova.es\/?page_id=4807"},"modified":"2025-11-13T18:36:33","modified_gmt":"2025-11-13T18:36:33","slug":"inscripcion-jornadas-tarde","status":"publish","type":"page","link":"https:\/\/www.inproinnova.es\/index.php\/inscripcion-jornadas-tarde\/","title":{"rendered":"Inscripci\u00f3n a Jornadas INNOVAR EN RED, el valor de la colaboraci\u00f3n tecnol\u00f3gica 2025"},"content":{"rendered":"[vc_row][vc_column][vc_column_text]<p>Las \u201cJornadas INNOVAR EN RED: el valor de la colaboraci\u00f3n tecnol\u00f3gica\u201d son un espacio de encuentro y di\u00e1logo entre empresas, universidades, cl\u00fasteres y entidades del ecosistema innovador, concebido para poner en valor la cooperaci\u00f3n como motor de la innovaci\u00f3n y la competitividad.<\/p>\n<p>A trav\u00e9s de mesas redondas, y ponencias , las jornadas buscan visibilizar experiencias exitosas de colaboraci\u00f3n, fomentar la transferencia de conocimiento y promover sinergias entre los diferentes agentes del sistema de innovaci\u00f3n.<\/p>\n<p>El objetivo es impulsar una cultura de trabajo en red, en la que la colaboraci\u00f3n p\u00fablico-privada, el intercambio de talento y la co-creaci\u00f3n de proyectos sean las claves para afrontar los retos econ\u00f3micos, tecnol\u00f3gicos y sociales actuales.<\/p>\n<p>Colaboran Junta de Andaluc\u00eda, US, UPO, CTA, COITAOC, OGA, LOYOLA, Cluster OnTech Innovation, C\u00e1mara de Comercio de Sevilla.<\/p>\n<p>Conduce el acto \u201cVictoria Cabrera, Directora de Cibersur\u201d<\/p>[\/vc_column_text][vc_column_text]\n<p><strong>Mi\u00e9rcoles 19 de noviembre a partir de las 16:30 horas<\/strong><\/p>\n\n\n<p>[\/vc_column_text][vc_single_image image=\u00bb6807&#8243; alignment=\u00bbcenter\u00bb][\/vc_column][\/vc_row]\n<div class=\"wpcf7 no-js\" id=\"wpcf7-f6724-o1\" lang=\"es-ES\" dir=\"ltr\" data-wpcf7-id=\"6724\">\n<div class=\"screen-reader-response\"><p role=\"status\" aria-live=\"polite\" aria-atomic=\"true\"><\/p> <ul><\/ul><\/div>\n<form action=\"\/index.php\/wp-json\/wp\/v2\/pages\/4807#wpcf7-f6724-o1\" method=\"post\" class=\"wpcf7-form init\" aria-label=\"Formulario de contacto\" novalidate=\"novalidate\" data-status=\"init\">\n<fieldset class=\"hidden-fields-container\"><input type=\"hidden\" name=\"_wpcf7\" value=\"6724\" \/><input type=\"hidden\" name=\"_wpcf7_version\" value=\"6.1.1\" \/><input type=\"hidden\" name=\"_wpcf7_locale\" value=\"es_ES\" \/><input type=\"hidden\" name=\"_wpcf7_unit_tag\" value=\"wpcf7-f6724-o1\" \/><input type=\"hidden\" name=\"_wpcf7_container_post\" value=\"0\" \/><input type=\"hidden\" name=\"_wpcf7_posted_data_hash\" value=\"\" \/><input type=\"hidden\" name=\"_wpcf7_recaptcha_response\" value=\"\" \/>\n<\/fieldset>\n<p><br \/>\n<b>NOMBRE:<\/b>\n<\/p>\n<p><span class=\"wpcf7-form-control-wrap\" data-name=\"nombre\"><input size=\"40\" maxlength=\"400\" class=\"wpcf7-form-control wpcf7-text wpcf7-validates-as-required\" aria-required=\"true\" aria-invalid=\"false\" placeholder=\"Nombre *\" value=\"\" type=\"text\" name=\"nombre\" \/><\/span>\n<\/p>\n<p><b>APELLIDOS<\/b>\n<\/p>\n<p><span class=\"wpcf7-form-control-wrap\" data-name=\"apellidos\"><input size=\"40\" maxlength=\"400\" class=\"wpcf7-form-control wpcf7-text wpcf7-validates-as-required\" aria-required=\"true\" aria-invalid=\"false\" placeholder=\"Apellidos *\" value=\"\" type=\"text\" name=\"apellidos\" \/><\/span>\n<\/p>\n<p><b>ENTIDAD\/EMPRESA<\/b>\n<\/p>\n<p><span class=\"wpcf7-form-control-wrap\" data-name=\"organismo\"><input size=\"40\" maxlength=\"400\" class=\"wpcf7-form-control wpcf7-text wpcf7-validates-as-required\" aria-required=\"true\" aria-invalid=\"false\" placeholder=\"Entidad\/Empresa*\" value=\"\" type=\"text\" name=\"organismo\" \/><\/span>\n<\/p>\n<p><b>CARGO<\/b>\n<\/p>\n<p><span class=\"wpcf7-form-control-wrap\" data-name=\"cargo\"><input size=\"40\" maxlength=\"400\" class=\"wpcf7-form-control wpcf7-text wpcf7-validates-as-required\" aria-required=\"true\" aria-invalid=\"false\" placeholder=\"Cargo *\" value=\"\" type=\"text\" name=\"cargo\" \/><\/span>\n<\/p>\n<p><b>EMAIL<\/b>\n<\/p>\n<p><span class=\"wpcf7-form-control-wrap\" data-name=\"email\"><input size=\"40\" maxlength=\"400\" class=\"wpcf7-form-control wpcf7-email wpcf7-validates-as-required wpcf7-text wpcf7-validates-as-email\" aria-required=\"true\" aria-invalid=\"false\" placeholder=\"Email *\" value=\"\" type=\"email\" name=\"email\" \/><\/span>\n<\/p>\n<p><small><b>Informaci\u00f3n b\u00e1sica sobre protecci\u00f3n de datos<\/b><br \/>\n<b>Responsable:<\/b>dpo@dipusevilla.es<br \/>\n<b>Finalidad:<\/b>Inscripci\u00f3n a las jornadas<br \/>\n<b>Destinatarios:<\/b>No se ceder\u00e1n datos a terceros<br \/>\n<b>Derechos:<\/b>Derecho de acceso, rectificaci\u00f3n y supresi\u00f3n enviado email a inpro@dipusevilla.es<\/small>\n<\/p>\n<p><span class=\"wpcf7-form-control-wrap\" data-name=\"aceptacion\"><span class=\"wpcf7-form-control wpcf7-acceptance optional\"><span class=\"wpcf7-list-item\"><input type=\"checkbox\" name=\"aceptacion\" value=\"1\" aria-invalid=\"false\" \/><\/span><\/span><\/span><a href=\"\/index.php\/politica-de-privacidad\/\">Acepto la pol\u00edtica de privacidad<\/a><br \/>\n<br \/>\n<input class=\"wpcf7-form-control wpcf7-submit has-spinner\" type=\"submit\" value=\"Enviar\" \/>\n<\/p><div class=\"wpcf7-response-output\" aria-hidden=\"true\"><\/div>\n<\/form>\n<\/div>\n[vc_row][vc_column][vc_column_text]<\/p>\n[\/vc_column_text][vc_btn title=\u00bbINSCRIPCI\u00d3N A COCTEL\u00bb size=\u00bblg\u00bb align=\u00bbcenter\u00bb link=\u00bburl:https%3A%2F%2Fwww.inproinnova.es%2Findex.php%2Finscripcion-tecnicos-tics%2F|title:Inscripci%C3%B3n%20C%C3%B3ctel%20Networking||\u00bb][\/vc_column][\/vc_row]","protected":false},"excerpt":{"rendered":"<p>[vc_row][vc_column][vc_column_text] Las \u201cJornadas INNOVAR EN RED: el valor de la colaboraci\u00f3n tecnol\u00f3gica\u201d son un espacio de encuentro y di\u00e1logo entre empresas, universidades, cl\u00fasteres y entidades&hellip;<\/p>\n<p><a href=\"https:\/\/www.inproinnova.es\/index.php\/inscripcion-jornadas-tarde\/\" class=\"read-more-link\"><span class=\"read-more-icon\"><\/span>Ver m\u00e1s<\/a><\/p>\n","protected":false},"author":3,"featured_media":0,"parent":0,"menu_order":0,"comment_status":"closed","ping_status":"closed","template":"","meta":{"footnotes":""},"class_list":["post-4807","page","type-page","status-publish","hentry"],"_links":{"self":[{"href":"https:\/\/www.inproinnova.es\/index.php\/wp-json\/wp\/v2\/pages\/4807","targetHints":{"allow":["GET"]}}],"collection":[{"href":"https:\/\/www.inproinnova.es\/index.php\/wp-json\/wp\/v2\/pages"}],"about":[{"href":"https:\/\/www.inproinnova.es\/index.php\/wp-json\/wp\/v2\/types\/page"}],"author":[{"embeddable":true,"href":"https:\/\/www.inproinnova.es\/index.php\/wp-json\/wp\/v2\/users\/3"}],"replies":[{"embeddable":true,"href":"https:\/\/www.inproinnova.es\/index.php\/wp-json\/wp\/v2\/comments?post=4807"}],"version-history":[{"count":10,"href":"https:\/\/www.inproinnova.es\/index.php\/wp-json\/wp\/v2\/pages\/4807\/revisions"}],"predecessor-version":[{"id":7037,"href":"https:\/\/www.inproinnova.es\/index.php\/wp-json\/wp\/v2\/pages\/4807\/revisions\/7037"}],"wp:attachment":[{"href":"https:\/\/www.inproinnova.es\/index.php\/wp-json\/wp\/v2\/media?parent=4807"}],"curies":[{"name":"wp","href":"https:\/\/api.w.org\/{rel}","templated":true}]}}